{"id":43516,"date":"2021-11-11T16:28:09","date_gmt":"2021-11-11T21:28:09","guid":{"rendered":"https:\/\/globewomen.org\/globalsummit\/?page_id=43516"},"modified":"2021-11-11T16:28:13","modified_gmt":"2021-11-11T21:28:13","slug":"2021-global-summit-of-women-speakers-2","status":"publish","type":"page","link":"https:\/\/globewomen.org\/globalsummit\/2021-global-summit-of-women-speakers-2\/","title":{"rendered":"2021 Global Summit of Women Speakers"},"content":{"rendered":"<div id=\"pl-gb43516-69efa78b18bc1\"  class=\"panel-layout\" ><div id=\"pg-gb43516-69efa78b18bc1-0\"  class=\"panel-grid panel-no-style\" ><div id=\"pgc-gb43516-69efa78b18bc1-0-0\"  class=\"panel-grid-cell\" ><div id=\"panel-gb43516-69efa78b18bc1-0-0-0\" class=\"so-panel widget widget_sow-editor panel-first-child panel-last-child\" data-index=\"0\" ><div\n\t\t\t\n\t\t\tclass=\"so-widget-sow-editor so-widget-sow-editor-base\"\n\t\t\t\n\t\t>\n<div class=\"siteorigin-widget-tinymce textwidget\">\n\t<div class=\"tmm tmm_2021-speakers-lisbon\"><div class=\"tmm_5_columns tmm_wrap tmm_theme_f\"><span class=\"tmm_two_containers_tablet\"><\/span><div class=\"tmm_container\"><div class=\"tmm_member\" style=\"border-top:#1e73be solid 5px;\"><div class=\"tmm_photo tmm_pic_2021-speakers-lisbon_0\" style=\"background: url(https:\/\/globewomen.org\/globalsummit\/wp-content\/uploads\/2021\/09\/Isabel-Ucha.png); margin-left: auto; margin-right:auto; background-size:cover !important;\"><\/div><div class=\"tmm_textblock\"><div class=\"tmm_names\"><span class=\"tmm_fname\">ISABEL UCHA<\/span> <\/div><div class=\"tmm_desc\" style=\"text-align:\"><p style=\"text-align: center\">CEO, <strong>Euronext Lisbon Stock Exchange<\/strong><br \/>(Portugal)<br \/><a href=\"https:\/\/globewomen.org\/globalsummit\/isabel-ucha-ceo-euronext-lisbon-portugal\/\">FULL BIO<\/a><\/p><\/div><div class=\"tmm_scblock\"><\/div><\/div><\/div><div class=\"tmm_member\" style=\"border-top:#1e73be solid 5px;\"><div class=\"tmm_photo tmm_pic_2021-speakers-lisbon_1\" style=\"background: url(https:\/\/globewomen.org\/globalsummit\/wp-content\/uploads\/2021\/06\/RosaMonteiro-e6f32313.jpeg); margin-left: auto; margin-right:auto; background-size:cover !important;\"><\/div><div class=\"tmm_textblock\"><div class=\"tmm_names\"><span class=\"tmm_fname\">HON. ROSA MONTEIRO<\/span> <\/div><div class=\"tmm_desc\" style=\"text-align:\"><p style=\"text-align: center\">Secretary of State for Citizenship &amp; Equality, <br \/><strong>(Portugal)<\/strong><\/p><\/div><div class=\"tmm_scblock\"><\/div><\/div><\/div><span class=\"tmm_two_containers_tablet\"><\/span><div class=\"tmm_member\" style=\"border-top:#1e73be solid 5px;\"><div class=\"tmm_photo tmm_pic_2021-speakers-lisbon_2\" style=\"background: url(https:\/\/globewomen.org\/globalsummit\/wp-content\/uploads\/2021\/06\/photo-werner-hoyer-1.jpg); margin-left: auto; margin-right:auto; background-size:cover !important;\"><\/div><div class=\"tmm_textblock\"><div class=\"tmm_names\"><span class=\"tmm_fname\">WERNER HOYER<\/span> <\/div><div class=\"tmm_desc\" style=\"text-align:\"><p style=\"text-align: center\">President, <strong>European Investment Bank<\/strong><br \/> (Germany)<\/p><\/div><div class=\"tmm_scblock\"><\/div><\/div><\/div><div class=\"tmm_member\" style=\"border-top:#1e73be solid 5px;\"><div class=\"tmm_photo tmm_pic_2021-speakers-lisbon_3\" style=\"background: url(https:\/\/globewomen.org\/globalsummit\/wp-content\/uploads\/2021\/06\/photo-sabine-kohleisen-resized-1.png); margin-left: auto; margin-right:auto; background-size:cover !important;\"><\/div><div class=\"tmm_textblock\"><div class=\"tmm_names\"><span class=\"tmm_fname\">SABINE KOHLEISEN<\/span> <\/div><div class=\"tmm_desc\" style=\"text-align:\"><p style=\"text-align: center\">Member, Board of Management, HR &amp; Director of Labor Relations, <strong>Mercedes-Benz AG&nbsp;<\/strong>(Germany)<\/p><\/div><div class=\"tmm_scblock\"><\/div><\/div><\/div><span class=\"tmm_two_containers_tablet\"><\/span><div class=\"tmm_member\" style=\"border-top:#1e73be solid 5px;\"><div class=\"tmm_photo tmm_pic_2021-speakers-lisbon_4\" style=\"background: url(https:\/\/globewomen.org\/globalsummit\/wp-content\/uploads\/2021\/09\/HON.-MURIEL-PENICAUD.jpg); margin-left: auto; margin-right:auto; background-size:cover !important;\"><\/div><div class=\"tmm_textblock\"><div class=\"tmm_names\"><span class=\"tmm_fname\">HON. MURIEL PENICAUD<\/span> <\/div><div class=\"tmm_desc\" style=\"text-align:\"><p style=\"text-align: center\"><strong>Former<\/strong> <strong>Minister of Labor<\/strong>; Ambassador to <strong>OECD<\/strong> (France)<br \/><a href=\"https:\/\/globewomen.org\/globalsummit\/hon-muriel-penicaud-2\/\">FULL BIO<\/a><\/p><\/div><div class=\"tmm_scblock\"><\/div><\/div><\/div><\/div><span class=\"tmm_columns_containers_desktop\"><\/span><div class=\"tmm_container\"><div class=\"tmm_member\" style=\"border-top:#1e73be solid 5px;\"><div class=\"tmm_photo tmm_pic_2021-speakers-lisbon_5\" style=\"background: url(https:\/\/globewomen.org\/globalsummit\/wp-content\/uploads\/2021\/06\/Hon-Dr-Darija-Kisic-Tepavcevic.jpeg); margin-left: auto; margin-right:auto; background-size:cover !important;\"><\/div><div class=\"tmm_textblock\"><div class=\"tmm_names\"><span class=\"tmm_fname\">HON. DARIJA KISI\u0106 TEPAV\u010cEVI\u0106<\/span> <\/div><div class=\"tmm_desc\" style=\"text-align:\"><p style=\"text-align: center\">Minister of Labour, Employment and Social Affairs, <strong>Republic of Serbia<\/strong><\/p><\/div><div class=\"tmm_scblock\"><\/div><\/div><\/div><span class=\"tmm_two_containers_tablet\"><\/span><div class=\"tmm_member\" style=\"border-top:#1e73be solid 5px;\"><div class=\"tmm_photo tmm_pic_2021-speakers-lisbon_6\" style=\"background: url(https:\/\/globewomen.org\/globalsummit\/wp-content\/uploads\/2021\/09\/ALEXANDRA-PALT.png); margin-left: auto; margin-right:auto; background-size:cover !important;\"><\/div><div class=\"tmm_textblock\"><div class=\"tmm_names\"><span class=\"tmm_fname\">ALEXANDRA PALT<\/span> <\/div><div class=\"tmm_desc\" style=\"text-align:\"><p style=\"text-align: center\">EVP, Chief Sustainability Officer, <strong>L\u2019Oreal Group<\/strong> (France)<br \/><a href=\"https:\/\/globewomen.org\/globalsummit\/alexandra-palt-evp-chief-sustainability-officer-loreal-group\/\">FULL BIO<\/a><\/p><\/div><div class=\"tmm_scblock\"><\/div><\/div><\/div><div class=\"tmm_member\" style=\"border-top:#1e73be solid 5px;\"><div class=\"tmm_photo tmm_pic_2021-speakers-lisbon_7\" style=\"background: url(https:\/\/globewomen.org\/globalsummit\/wp-content\/uploads\/2021\/06\/ian-borden.png); margin-left: auto; margin-right:auto; background-size:cover !important;\"><\/div><div class=\"tmm_textblock\"><div class=\"tmm_names\"><span class=\"tmm_fname\">IAN BORDEN<\/span> <\/div><div class=\"tmm_desc\" style=\"text-align:\"><p style=\"text-align: center\">President, International,<br \/><strong>McDonalds<\/strong><br \/>(UK)<br \/><a href=\"https:\/\/globewomen.org\/globalsummit\/ian-borden-president-international-mcdonalds-canada\/\">FULL BIO<\/a><\/p><\/div><div class=\"tmm_scblock\"><\/div><\/div><\/div><span class=\"tmm_two_containers_tablet\"><\/span><div class=\"tmm_member\" style=\"border-top:#1e73be solid 5px;\"><div class=\"tmm_photo tmm_pic_2021-speakers-lisbon_8\" style=\"background: url(https:\/\/globewomen.org\/globalsummit\/wp-content\/uploads\/2021\/06\/Kobkarn-Wattanawarangkul.jpg); margin-left: auto; margin-right:auto; background-size:cover !important;\"><\/div><div class=\"tmm_textblock\"><div class=\"tmm_names\"><span class=\"tmm_fname\">KOBKARN  WATTANAVRANGKUL<\/span> <\/div><div class=\"tmm_desc\" style=\"text-align:\"><p style=\"text-align: center\"><strong>Former Minister of Tourism and Sports<\/strong><br \/>(Thailand)<br \/><a href=\"https:\/\/globewomen.org\/globalsummit\/kobkarn-wattanavrangkul-2\/\">FULL BIO<\/a><\/p><\/div><div class=\"tmm_scblock\"><\/div><\/div><\/div><div class=\"tmm_member\" style=\"border-top:#1e73be solid 5px;\"><div class=\"tmm_photo tmm_pic_2021-speakers-lisbon_9\" style=\"background: url(https:\/\/globewomen.org\/globalsummit\/wp-content\/uploads\/2021\/09\/Lorena-Dellagiovanna.png); margin-left: auto; margin-right:auto; background-size:cover !important;\"><\/div><div class=\"tmm_textblock\"><div class=\"tmm_names\"><span class=\"tmm_fname\">LORENA  DELLAGIOVANNA<\/span> <\/div><div class=\"tmm_desc\" style=\"text-align:\"><p style=\"text-align: center\">VP, Chief Diversity &amp; Inclusion Officer, <strong>Hitachi<\/strong> (Italy)<br \/><a href=\"https:\/\/globewomen.org\/globalsummit\/lorena-dellagiovanna-vp-chief-diversity-and-inclusion-officer-hitachi\/\">FULL BIO<\/a><\/p><\/div><div class=\"tmm_scblock\"><\/div><\/div><\/div><span class=\"tmm_two_containers_tablet\"><\/span><\/div><span class=\"tmm_columns_containers_desktop\"><\/span><div class=\"tmm_container\"><div class=\"tmm_member\" style=\"border-top:#1e73be solid 5px;\"><div class=\"tmm_photo tmm_pic_2021-speakers-lisbon_10\" style=\"background: url(https:\/\/globewomen.org\/globalsummit\/wp-content\/uploads\/2021\/06\/laura-gonzalez-molero.png); margin-left: auto; margin-right:auto; background-size:cover !important;\"><\/div><div class=\"tmm_textblock\"><div class=\"tmm_names\"><span class=\"tmm_fname\">LAURA GONZALEZ MOLERO<\/span> <\/div><div class=\"tmm_desc\" style=\"text-align:\"><p style=\"text-align: center\">President, APD; Former CEO, <strong>Merck Spain<\/strong> (Spain)<br \/><a href=\"https:\/\/globewomen.org\/globalsummit\/laura-gonzalez-molero-chairman-apd-spain\/\">FULL BIO<\/a><\/p><\/div><div class=\"tmm_scblock\"><\/div><\/div><\/div><div class=\"tmm_member\" style=\"border-top:#1e73be solid 5px;\"><div class=\"tmm_photo tmm_pic_2021-speakers-lisbon_11\" style=\"background: url(https:\/\/globewomen.org\/globalsummit\/wp-content\/uploads\/2021\/06\/monica-loiaza.png); margin-left: auto; margin-right:auto; background-size:cover !important;\"><\/div><div class=\"tmm_textblock\"><div class=\"tmm_names\"><span class=\"tmm_fname\">MONICA LOAIZA<\/span> <\/div><div class=\"tmm_desc\" style=\"text-align:\"><p style=\"text-align: center\">Board Member, <strong>AmEx Mexico, Devlyn Holdings, Coppel Group<\/strong> (Mexico)<br \/><a href=\"https:\/\/globewomen.org\/globalsummit\/monica-loiaza-corporate-board-director-mexico\/\">FULL BIO<\/a><\/p><\/div><div class=\"tmm_scblock\"><\/div><\/div><\/div><span class=\"tmm_two_containers_tablet\"><\/span><div class=\"tmm_member\" style=\"border-top:#1e73be solid 5px;\"><div class=\"tmm_photo tmm_pic_2021-speakers-lisbon_12\" style=\"background: url(https:\/\/globewomen.org\/globalsummit\/wp-content\/uploads\/2021\/06\/Diane-de-st-victor.jpg); margin-left: auto; margin-right:auto; background-size:cover !important;\"><\/div><div class=\"tmm_textblock\"><div class=\"tmm_names\"><span class=\"tmm_fname\">DIANE DE SAINT VICTOR<\/span> <\/div><div class=\"tmm_desc\" style=\"text-align:\"><p style=\"text-align: center\">Board Director, <strong>Natixis &amp; Transocean<\/strong> (Switzerland)<br \/><a href=\"https:\/\/globewomen.org\/globalsummit\/diane-de-saint-victor-board-director-natixis-transocean-switzerland\/\">FULL BIO<\/a><\/p><\/div><div class=\"tmm_scblock\"><\/div><\/div><\/div><div class=\"tmm_member\" style=\"border-top:#1e73be solid 5px;\"><div class=\"tmm_photo tmm_pic_2021-speakers-lisbon_13\" style=\"background: url(https:\/\/globewomen.org\/globalsummit\/wp-content\/uploads\/2021\/06\/noriko-harada.png); margin-left: auto; margin-right:auto; background-size:cover !important;\"><\/div><div class=\"tmm_textblock\"><div class=\"tmm_names\"><span class=\"tmm_fname\">NORIKO HARADA<\/span> <\/div><div class=\"tmm_desc\" style=\"text-align:\"><p style=\"text-align: center\">CEO,<br \/><strong>AI Cross<\/strong><br \/>(Japan)<br \/><a href=\"https:\/\/globewomen.org\/globalsummit\/noriko-harada-ceo-and-president-ai-cross-japan\/\">FULL BIO<\/a><\/p><\/div><div class=\"tmm_scblock\"><\/div><\/div><\/div><span class=\"tmm_two_containers_tablet\"><\/span><div class=\"tmm_member\" style=\"border-top:#1e73be solid 5px;\"><div class=\"tmm_photo tmm_pic_2021-speakers-lisbon_14\" style=\"background: url(https:\/\/globewomen.org\/globalsummit\/wp-content\/uploads\/2021\/06\/Margaret-Johnston-Clarke.jpg); margin-left: auto; margin-right:auto; background-size:cover !important;\"><\/div><div class=\"tmm_textblock\"><div class=\"tmm_names\"><span class=\"tmm_fname\">MARGARET JOHNSTON-CLARKE<\/span> <\/div><div class=\"tmm_desc\" style=\"text-align:\"><p style=\"text-align: center\">Global Chief Diversity Officer, <strong>L\u2019Oreal<\/strong> <br \/>(France)<br \/><a href=\"https:\/\/globewomen.org\/globalsummit\/margaret-johnston-clarke-global-chief-diversity-inclusion-officer-loreal-group-france\/\">FULL BIO<\/a><\/p><\/div><div class=\"tmm_scblock\"><\/div><\/div><\/div><\/div><span class=\"tmm_columns_containers_desktop\"><\/span><div class=\"tmm_container\"><div class=\"tmm_member\" style=\"border-top:#1e73be solid 5px;\"><div class=\"tmm_photo tmm_pic_2021-speakers-lisbon_15\" style=\"background: url(https:\/\/globewomen.org\/globalsummit\/wp-content\/uploads\/2021\/09\/Carla-Grant-Pickins.png); margin-left: auto; margin-right:auto; background-size:cover !important;\"><\/div><div class=\"tmm_textblock\"><div class=\"tmm_names\"><span class=\"tmm_fname\">CARLA GRANT-PICKENS<\/span> <\/div><div class=\"tmm_desc\" style=\"text-align:\"><p style=\"text-align: center\">VP, Chief Global Diversity and Inclusion Officer, <strong>IBM<\/strong> (USA)<br \/><a href=\"https:\/\/globewomen.org\/globalsummit\/carla-grant-pickens-global-chief-diversity-and-inclusion-officer-ibm\/\">FULL BIO<\/a><\/p><\/div><div class=\"tmm_scblock\"><\/div><\/div><\/div><span class=\"tmm_two_containers_tablet\"><\/span><div class=\"tmm_member\" style=\"border-top:#1e73be solid 5px;\"><div class=\"tmm_photo tmm_pic_2021-speakers-lisbon_16\" style=\"background: url(https:\/\/globewomen.org\/globalsummit\/wp-content\/uploads\/2021\/06\/ANA-MUNOZ.png); margin-left: auto; margin-right:auto; background-size:cover !important;\"><\/div><div class=\"tmm_textblock\"><div class=\"tmm_names\"><span class=\"tmm_fname\">ANA MUNOZ<\/span> <\/div><div class=\"tmm_desc\" style=\"text-align:\"><p style=\"text-align: center\">Board Director, <strong>Tubos Reunidos, Natura, &amp; Grupo Lantera<\/strong> <br \/>(Spain)<br \/>\r\n<a href=\"https:\/\/globewomen.org\/globalsummit\/ana-munoz-board-director-tubos-reunidos-natura-grupo-lantera-spain\/\">FULL BIO<\/a><\/p><\/div><div class=\"tmm_scblock\"><\/div><\/div><\/div><div class=\"tmm_member\" style=\"border-top:#1e73be solid 5px;\"><div class=\"tmm_photo tmm_pic_2021-speakers-lisbon_17\" style=\"background: url(https:\/\/globewomen.org\/globalsummit\/wp-content\/uploads\/2021\/09\/Hortiguela.jpg); margin-left: auto; margin-right:auto; background-size:cover !important;\"><\/div><div class=\"tmm_textblock\"><div class=\"tmm_names\"><span class=\"tmm_fname\">ROCIO HORTIGUELA<\/span> <\/div><div class=\"tmm_desc\" style=\"text-align:\"><p style=\"text-align: center\">CEO, <strong>Entiba Energy<\/strong> (Spain)<br \/><a href=\"https:\/\/globewomen.org\/globalsummit\/rocio-hortiguela-founder-entiba-energy-and-board-director-grenergy\/\">FULL BIO<\/a><\/p><\/div><div class=\"tmm_scblock\"><\/div><\/div><\/div><span class=\"tmm_two_containers_tablet\"><\/span><div class=\"tmm_member\" style=\"border-top:#1e73be solid 5px;\"><div class=\"tmm_photo tmm_pic_2021-speakers-lisbon_18\" style=\"background: url(https:\/\/globewomen.org\/globalsummit\/wp-content\/uploads\/2021\/06\/Mercedes-erra.jpg); margin-left: auto; margin-right:auto; background-size:cover !important;\"><\/div><div class=\"tmm_textblock\"><div class=\"tmm_names\"><span class=\"tmm_fname\">MERCEDES ERRA<\/span> <\/div><div class=\"tmm_desc\" style=\"text-align:\"><p style=\"text-align: center\">Executive President, <strong>Havas Worldwide<\/strong> (France)<br \/><a href=\"https:\/\/globewomen.org\/globalsummit\/mercedes-erra-founder-betc-and-president-havas-worldwide\/\">FULL BIO<\/a><\/p><\/div><div class=\"tmm_scblock\"><\/div><\/div><\/div><div class=\"tmm_member\" style=\"border-top:#1e73be solid 5px;\"><div class=\"tmm_photo tmm_pic_2021-speakers-lisbon_19\" style=\"background: url(https:\/\/globewomen.org\/globalsummit\/wp-content\/uploads\/2021\/06\/claudia-freed.jpg); margin-left: auto; margin-right:auto; background-size:cover !important;\"><\/div><div class=\"tmm_textblock\"><div class=\"tmm_names\"><span class=\"tmm_fname\">CLAUDIA FREED<\/span> <\/div><div class=\"tmm_desc\" style=\"text-align:\"><p style=\"text-align: center\">CEO, <br \/><strong>EALGreen<\/strong> (USA)<br \/><a href=\"https:\/\/globewomen.org\/globalsummit\/claudia-freed-president-ceo-ealgreen\/\">FULL BIO<\/a><\/p><\/div><div class=\"tmm_scblock\"><\/div><\/div><\/div><span class=\"tmm_two_containers_tablet\"><\/span><\/div><span class=\"tmm_columns_containers_desktop\"><\/span><div class=\"tmm_container\"><div class=\"tmm_member\" style=\"border-top:#1e73be solid 5px;\"><div class=\"tmm_photo tmm_pic_2021-speakers-lisbon_20\" style=\"background: url(https:\/\/globewomen.org\/globalsummit\/wp-content\/uploads\/2021\/06\/Pilita-Clark.jpg); margin-left: auto; margin-right:auto; background-size:cover !important;\"><\/div><div class=\"tmm_textblock\"><div class=\"tmm_names\"><span class=\"tmm_fname\">PILITA CLARK<\/span> <\/div><div class=\"tmm_desc\" style=\"text-align:\"><p style=\"text-align: center\">Associate Editor &amp;<br \/>Business Columnist,<br \/><em><strong>Financial Times<\/strong><\/em> (UK) <br \/><a href=\"https:\/\/globewomen.org\/globalsummit\/pilita-clark-associate-editor-and-business-columnist-financial-times-uk\/\">FULL BIO<\/a><\/p><\/div><div class=\"tmm_scblock\"><\/div><\/div><\/div><div class=\"tmm_member\" style=\"border-top:#1e73be solid 5px;\"><div class=\"tmm_photo tmm_pic_2021-speakers-lisbon_21\" style=\"background: url(https:\/\/globewomen.org\/globalsummit\/wp-content\/uploads\/2021\/06\/alain-simonet.jpg); margin-left: auto; margin-right:auto; background-size:cover !important;\"><\/div><div class=\"tmm_textblock\"><div class=\"tmm_names\"><span class=\"tmm_fname\">ALAIN SIMONNET<\/span> <\/div><div class=\"tmm_desc\" style=\"text-align:\"><p style=\"text-align: center\">Managing Director,<br \/>Western Mediterranean,<strong><br \/>3M<\/strong> (France) <br \/><a href=\"https:\/\/globewomen.org\/globalsummit\/alain-simonnet\/\">FULL BIO<\/a><\/p><\/div><div class=\"tmm_scblock\"><\/div><\/div><\/div><span class=\"tmm_two_containers_tablet\"><\/span><div class=\"tmm_member\" style=\"border-top:#1e73be solid 5px;\"><div class=\"tmm_photo tmm_pic_2021-speakers-lisbon_22\" style=\"background: url(https:\/\/globewomen.org\/globalsummit\/wp-content\/uploads\/2021\/06\/nuria-garcia.jpg); margin-left: auto; margin-right:auto; background-size:cover !important;\"><\/div><div class=\"tmm_textblock\"><div class=\"tmm_names\"><span class=\"tmm_fname\">NURIA GARCIA<\/span> <\/div><div class=\"tmm_desc\" style=\"text-align:\"><p style=\"text-align: center\">Regional President Europe, Middle East &amp; Africa (EMEA), <strong>Metlife<\/strong> (France) <br \/><a href=\"https:\/\/globewomen.org\/globalsummit\/nuria-garcia-senior-vice-president-and-head-of-europe-middle-east-and-africa-metlife-france\/\">FULL BIO<\/a><\/p><\/div><div class=\"tmm_scblock\"><\/div><\/div><\/div><div class=\"tmm_member\" style=\"border-top:#1e73be solid 5px;\"><div class=\"tmm_photo tmm_pic_2021-speakers-lisbon_23\" style=\"background: url(https:\/\/globewomen.org\/globalsummit\/wp-content\/uploads\/2021\/06\/MARGUERITE-SOETEMAN-REIJNEN.jpg); margin-left: auto; margin-right:auto; background-size:cover !important;\"><\/div><div class=\"tmm_textblock\"><div class=\"tmm_names\"><span class=\"tmm_fname\">MARGUERITE SOETEMAN-REIJNEN<\/span> <\/div><div class=\"tmm_desc\" style=\"text-align:\"><p style=\"text-align: center\">Chair, <strong>Aon Holdings &amp; Aon Group International NV<\/strong> (Netherlands)<\/p><\/div><div class=\"tmm_scblock\"><\/div><\/div><\/div><span class=\"tmm_two_containers_tablet\"><\/span><div class=\"tmm_member\" style=\"border-top:#1e73be solid 5px;\"><div class=\"tmm_photo tmm_pic_2021-speakers-lisbon_24\" style=\"background: url(https:\/\/globewomen.org\/globalsummit\/wp-content\/uploads\/2021\/06\/CHRISTINA-HABIB.jpg); margin-left: auto; margin-right:auto; background-size:cover !important;\"><\/div><div class=\"tmm_textblock\"><div class=\"tmm_names\"><span class=\"tmm_fname\">CHRISTINA HABIB<\/span> <\/div><div class=\"tmm_desc\" style=\"text-align:\"><p style=\"text-align: center\">Global Vice President, Consumer &amp; Market Insight, Foods &amp; Refreshment, <strong>Unilever<\/strong> (UK)<\/p><\/div><div class=\"tmm_scblock\"><\/div><\/div><\/div><\/div><span class=\"tmm_columns_containers_desktop\"><\/span><div class=\"tmm_container\"><div class=\"tmm_member\" style=\"border-top:#1e73be solid 5px;\"><div class=\"tmm_photo tmm_pic_2021-speakers-lisbon_25\" style=\"background: url(https:\/\/globewomen.org\/globalsummit\/wp-content\/uploads\/2021\/06\/JESSICA-APOTHEKER.jpg); margin-left: auto; margin-right:auto; background-size:cover !important;\"><\/div><div class=\"tmm_textblock\"><div class=\"tmm_names\"><span class=\"tmm_fname\">JESSICA APOTHEKER<\/span> <\/div><div class=\"tmm_desc\" style=\"text-align:\"><p style=\"text-align: center\">Managing Director and Partner, <strong>Boston Consulting Group<\/strong> (France)<\/p><\/div><div class=\"tmm_scblock\"><\/div><\/div><\/div><span class=\"tmm_two_containers_tablet\"><\/span><div class=\"tmm_member\" style=\"border-top:#1e73be solid 5px;\"><div class=\"tmm_photo tmm_pic_2021-speakers-lisbon_26\" style=\"background: url(https:\/\/globewomen.org\/globalsummit\/wp-content\/uploads\/2021\/06\/Andie-Zhang.jpg); margin-left: auto; margin-right:auto; background-size:cover !important;\"><\/div><div class=\"tmm_textblock\"><div class=\"tmm_names\"><span class=\"tmm_fname\">ANDIE ZHANG<\/span> <\/div><div class=\"tmm_desc\" style=\"text-align:\"><p style=\"text-align: center\">Global Product Manager, Robotics, <strong>ABB<\/strong> (Germany)<\/p><\/div><div class=\"tmm_scblock\"><\/div><\/div><\/div><div class=\"tmm_member\" style=\"border-top:#1e73be solid 5px;\"><div class=\"tmm_photo tmm_pic_2021-speakers-lisbon_27\" style=\"background: url(https:\/\/globewomen.org\/globalsummit\/wp-content\/uploads\/2021\/06\/Mariette-Rups-Donnelly.jpg); margin-left: auto; margin-right:auto; background-size:cover !important;\"><\/div><div class=\"tmm_textblock\"><div class=\"tmm_names\"><span class=\"tmm_fname\">MARIETTE RUPS-DONNELLY<\/span> <\/div><div class=\"tmm_desc\" style=\"text-align:\"><p style=\"text-align: center\">Founder, <strong>Powerhouse Presentations<\/strong> (Australia)<\/p><\/div><div class=\"tmm_scblock\"><\/div><\/div><\/div><span class=\"tmm_two_containers_tablet\"><\/span><div class=\"tmm_member\" style=\"border-top:#1e73be solid 5px;\"><div class=\"tmm_photo tmm_pic_2021-speakers-lisbon_28\" style=\"background: url(https:\/\/globewomen.org\/globalsummit\/wp-content\/uploads\/2021\/06\/helena-rodrgues.jpg); margin-left: auto; margin-right:auto; background-size:cover !important;\"><\/div><div class=\"tmm_textblock\"><div class=\"tmm_names\"><span class=\"tmm_fname\">HELENA RODRGUES<\/span> <\/div><div class=\"tmm_desc\" style=\"text-align:\"><p style=\"text-align: center\">Founder, <strong>allby<\/strong> (Portugal)<br \/>Co-Chair, Portugal Host Committee<\/p><\/div><div class=\"tmm_scblock\"><\/div><\/div><\/div><div class=\"tmm_member\" style=\"border-top:#1e73be solid 5px;\"><div class=\"tmm_photo tmm_pic_2021-speakers-lisbon_29\" style=\"background: url(https:\/\/globewomen.org\/globalsummit\/wp-content\/uploads\/2021\/06\/Mary-ann-pierce.jpg); margin-left: auto; margin-right:auto; background-size:cover !important;\"><\/div><div class=\"tmm_textblock\"><div class=\"tmm_names\"><span class=\"tmm_fname\">MARY ANN PIERCE<\/span> <\/div><div class=\"tmm_desc\" style=\"text-align:\"><p style=\"text-align: center\">Founder and CEO,<strong> MAP Digital<\/strong> (USA)<\/p><\/div><div class=\"tmm_scblock\"><\/div><\/div><\/div><span class=\"tmm_two_containers_tablet\"><\/span><\/div><span class=\"tmm_columns_containers_desktop\"><\/span><div class=\"tmm_container\"><div class=\"tmm_member\" style=\"border-top:#1e73be solid 5px;\"><div class=\"tmm_photo tmm_pic_2021-speakers-lisbon_30\" style=\"background: url(https:\/\/globewomen.org\/globalsummit\/wp-content\/uploads\/2021\/06\/Ines-Dos-Santos-Costa.png); margin-left: auto; margin-right:auto; background-size:cover !important;\"><\/div><div class=\"tmm_textblock\"><div class=\"tmm_names\"><span class=\"tmm_fname\">INES DOS SANTOS COSTA<\/span> <\/div><div class=\"tmm_desc\" style=\"text-align:\"><p style=\"text-align: center\"><strong>Secretary of State for the Environment<\/strong> (Portugal)<\/p><\/div><div class=\"tmm_scblock\"><\/div><\/div><\/div><div class=\"tmm_member\" style=\"border-top:#1e73be solid 5px;\"><div class=\"tmm_photo tmm_pic_2021-speakers-lisbon_31\" style=\"background: url(https:\/\/globewomen.org\/globalsummit\/wp-content\/uploads\/2021\/06\/rita-marques.jpg); margin-left: auto; margin-right:auto; background-size:cover !important;\"><\/div><div class=\"tmm_textblock\"><div class=\"tmm_names\"><span class=\"tmm_fname\">RITA MARQUES<\/span> <\/div><div class=\"tmm_desc\" style=\"text-align:\"><p style=\"text-align: center\"><strong>Secretary of State for Tourism<\/strong> (Portugal)<\/p><\/div><div class=\"tmm_scblock\"><\/div><\/div><\/div><span class=\"tmm_two_containers_tablet\"><\/span><div class=\"tmm_member\" style=\"border-top:#1e73be solid 5px;\"><div class=\"tmm_photo tmm_pic_2021-speakers-lisbon_32\" style=\"background: url(https:\/\/globewomen.org\/globalsummit\/wp-content\/uploads\/2021\/06\/ana-sofia-atunes.jpg); margin-left: auto; margin-right:auto; background-size:cover !important;\"><\/div><div class=\"tmm_textblock\"><div class=\"tmm_names\"><span class=\"tmm_fname\">ANA SOFIA ANTUNES<\/span> <\/div><div class=\"tmm_desc\" style=\"text-align:\"><p style=\"text-align: center\"><strong>Secretary of State for Inclusion and Persons with Disabilities<\/strong> (Portugal)<\/p><\/div><div class=\"tmm_scblock\"><\/div><\/div><\/div><div class=\"tmm_member\" style=\"border-top:#1e73be solid 5px;\"><div class=\"tmm_photo tmm_pic_2021-speakers-lisbon_33\" style=\"background: url(https:\/\/globewomen.org\/globalsummit\/wp-content\/uploads\/2021\/06\/DUARTE-PITTA-FERRAZ.jpg); margin-left: auto; margin-right:auto; background-size:cover !important;\"><\/div><div class=\"tmm_textblock\"><div class=\"tmm_names\"><span class=\"tmm_fname\">DUARTE PITTA FERRAZ<\/span> <\/div><div class=\"tmm_desc\" style=\"text-align:\"><p style=\"text-align: center\">Professor, <strong>Nova SBE<\/strong> and Partner, <strong>IVENS Governance Advisor<\/strong>, (Portugal)<\/p><\/div><div class=\"tmm_scblock\"><\/div><\/div><\/div><span class=\"tmm_two_containers_tablet\"><\/span><div class=\"tmm_member\" style=\"border-top:#1e73be solid 5px;\"><div class=\"tmm_photo tmm_pic_2021-speakers-lisbon_34\" style=\"background: url(https:\/\/globewomen.org\/globalsummit\/wp-content\/uploads\/2021\/06\/MARIA-JOAO-CARIOCA.png); margin-left: auto; margin-right:auto; background-size:cover !important;\"><\/div><div class=\"tmm_textblock\"><div class=\"tmm_names\"><span class=\"tmm_fname\">MARIA JOAO CARIOCA<\/span> <\/div><div class=\"tmm_desc\" style=\"text-align:\"><p style=\"text-align: center\">Board Member, <strong>Caixa Geral de Dep\u00f3sitos<\/strong> (Portugal)<\/p><\/div><div class=\"tmm_scblock\"><\/div><\/div><\/div><\/div><span class=\"tmm_columns_containers_desktop\"><\/span><div class=\"tmm_container\"><div class=\"tmm_member\" style=\"border-top:#1e73be solid 5px;\"><div class=\"tmm_photo tmm_pic_2021-speakers-lisbon_35\" style=\"background: url(https:\/\/globewomen.org\/globalsummit\/wp-content\/uploads\/2021\/06\/photo-BarbaraBarroso_from-her.jpg); margin-left: auto; margin-right:auto; background-size:cover !important;\"><\/div><div class=\"tmm_textblock\"><div class=\"tmm_names\"><span class=\"tmm_fname\">BARBARA BARROSO<\/span> <\/div><div class=\"tmm_desc\" style=\"text-align:\"><p style=\"text-align: center\">Founder and CEO, <strong>MoneyLab<\/strong> (Portugal)<\/p><\/div><div class=\"tmm_scblock\"><\/div><\/div><\/div><span class=\"tmm_two_containers_tablet\"><\/span><div class=\"tmm_member\" style=\"border-top:#1e73be solid 5px;\"><div class=\"tmm_photo tmm_pic_2021-speakers-lisbon_36\" style=\"background: url(https:\/\/globewomen.org\/globalsummit\/wp-content\/uploads\/2021\/09\/Paula-Panarra.jpg); margin-left: auto; margin-right:auto; background-size:cover !important;\"><\/div><div class=\"tmm_textblock\"><div class=\"tmm_names\"><span class=\"tmm_fname\">PAULA PANARRA<\/span> <\/div><div class=\"tmm_desc\" style=\"text-align:\"><p style=\"text-align: center\">CEO, <strong>Microsoft Portugal<\/strong> (Portugal)<\/p><\/div><div class=\"tmm_scblock\"><\/div><\/div><\/div><div class=\"tmm_member\" style=\"border-top:#1e73be solid 5px;\"><div class=\"tmm_photo tmm_pic_2021-speakers-lisbon_37\" style=\"background: url(https:\/\/globewomen.org\/globalsummit\/wp-content\/uploads\/2021\/09\/Alexandra-Serra.jpg); margin-left: auto; margin-right:auto; background-size:cover !important;\"><\/div><div class=\"tmm_textblock\"><div class=\"tmm_names\"><span class=\"tmm_fname\">ALEXANDRA SERRA<\/span> <\/div><div class=\"tmm_desc\" style=\"text-align:\"><p style=\"text-align: center\">CEO, <strong>AdP-Valor<\/strong>; <br \/>COO, <strong>AdP International<\/strong> (Portugal)<\/p><\/div><div class=\"tmm_scblock\"><\/div><\/div><\/div><span class=\"tmm_two_containers_tablet\"><\/span><div class=\"tmm_member\" style=\"border-top:#1e73be solid 5px;\"><div class=\"tmm_photo tmm_pic_2021-speakers-lisbon_38\" style=\"background: url(https:\/\/globewomen.org\/globalsummit\/wp-content\/uploads\/2021\/09\/Madalena-Tome.jpg); margin-left: auto; margin-right:auto; background-size:cover !important;\"><\/div><div class=\"tmm_textblock\"><div class=\"tmm_names\"><span class=\"tmm_fname\">MADALENA TOME<\/span> <\/div><div class=\"tmm_desc\" style=\"text-align:\"><p style=\"text-align: center\">CEO, <strong>SIBS<\/strong> (Portugal)<\/p><\/div><div class=\"tmm_scblock\"><\/div><\/div><\/div><div class=\"tmm_member\" style=\"border-top:#1e73be solid 5px;\"><div class=\"tmm_photo tmm_pic_2021-speakers-lisbon_39\" style=\"background: url(https:\/\/globewomen.org\/globalsummit\/wp-content\/uploads\/2021\/09\/Vera-Pinto-Pereira.jpg); margin-left: auto; margin-right:auto; background-size:cover !important;\"><\/div><div class=\"tmm_textblock\"><div class=\"tmm_names\"><span class=\"tmm_fname\">VERA PINTO PEREIRA<\/span> <\/div><div class=\"tmm_desc\" style=\"text-align:\"><p style=\"text-align: center\">Board Director, <strong>EDP Energias<\/strong> (Portugal)<\/p><\/div><div class=\"tmm_scblock\"><\/div><\/div><\/div><span class=\"tmm_two_containers_tablet\"><\/span><\/div><span class=\"tmm_columns_containers_desktop\"><\/span><div class=\"tmm_container\"><div class=\"tmm_member\" style=\"border-top:#1e73be solid 5px;\"><div class=\"tmm_photo tmm_pic_2021-speakers-lisbon_40\" style=\"background: url(https:\/\/globewomen.org\/globalsummit\/wp-content\/uploads\/2021\/09\/Magda-Cocco.png); margin-left: auto; margin-right:auto; background-size:cover !important;\"><\/div><div class=\"tmm_textblock\"><div class=\"tmm_names\"><span class=\"tmm_fname\">MAGDA COCCO<\/span> <\/div><div class=\"tmm_desc\" style=\"text-align:\"><p style=\"text-align: center\">Partner, <strong>Vieira de Almeida<\/strong> (Portugal)<\/p><\/div><div class=\"tmm_scblock\"><\/div><\/div><\/div><div class=\"tmm_member\" style=\"border-top:#1e73be solid 5px;\"><div class=\"tmm_photo tmm_pic_2021-speakers-lisbon_41\" style=\"background: url(https:\/\/globewomen.org\/globalsummit\/wp-content\/uploads\/2021\/09\/Sofia-Cuoto-Da-Rocha.png); margin-left: auto; margin-right:auto; background-size:cover !important;\"><\/div><div class=\"tmm_textblock\"><div class=\"tmm_names\"><span class=\"tmm_fname\">SOFIA COUTO DA ROCHA<\/span> <\/div><div class=\"tmm_desc\" style=\"text-align:\"><p style=\"text-align: center\">Chief Transformation Officer, <strong>Lusiadas Saude Hospital<\/strong> (Portugal)<\/p><\/div><div class=\"tmm_scblock\"><\/div><\/div><\/div><span class=\"tmm_two_containers_tablet\"><\/span><div class=\"tmm_member\" style=\"border-top:#1e73be solid 5px;\"><div class=\"tmm_photo tmm_pic_2021-speakers-lisbon_42\" style=\"background: url(https:\/\/globewomen.org\/globalsummit\/wp-content\/uploads\/2021\/09\/Margarida-Couto.jpg); margin-left: auto; margin-right:auto; background-size:cover !important;\"><\/div><div class=\"tmm_textblock\"><div class=\"tmm_names\"><span class=\"tmm_fname\">MARGARIDA COUTO<\/span> <\/div><div class=\"tmm_desc\" style=\"text-align:\"><p style=\"text-align: center\">President, <strong>GRACE<\/strong> (Portugal)<\/p><\/div><div class=\"tmm_scblock\"><\/div><\/div><\/div><div class=\"tmm_member\" style=\"border-top:#1e73be solid 5px;\"><div class=\"tmm_photo tmm_pic_2021-speakers-lisbon_43\" style=\"background: url(https:\/\/globewomen.org\/globalsummit\/wp-content\/uploads\/2021\/06\/Eurico-Brilhante-Dias.jpg); margin-left: auto; margin-right:auto; background-size:cover !important;\"><\/div><div class=\"tmm_textblock\"><div class=\"tmm_names\"><span class=\"tmm_fname\">EURICO BRILHANTE DIAS<\/span> <\/div><div class=\"tmm_desc\" style=\"text-align:\"><p style=\"text-align: center\">State Secretary for Internationalization, <br \/>Ministry of Foreign Affairs <br \/><strong>Portugal<\/strong><\/p><\/div><div class=\"tmm_scblock\"><\/div><\/div><\/div><span class=\"tmm_two_containers_tablet\"><\/span><div class=\"tmm_member\" style=\"border-top:#1e73be solid 5px;\"><div class=\"tmm_photo tmm_pic_2021-speakers-lisbon_44\" style=\"background: url(https:\/\/globewomen.org\/globalsummit\/wp-content\/uploads\/2021\/09\/Pedro-Caramez.jpg); margin-left: auto; margin-right:auto; background-size:cover !important;\"><\/div><div class=\"tmm_textblock\"><div class=\"tmm_names\"><span class=\"tmm_fname\">PEDRO CARAMEZ<\/span> <\/div><div class=\"tmm_desc\" style=\"text-align:\"><p style=\"text-align: center\">LinkedIn Consultant (Portugal)<\/p><\/div><div class=\"tmm_scblock\"><\/div><\/div><\/div><\/div><span class=\"tmm_columns_containers_desktop\"><\/span><div class=\"tmm_container\"><div class=\"tmm_member\" style=\"border-top:#1e73be solid 5px;\"><div class=\"tmm_photo tmm_pic_2021-speakers-lisbon_45\" style=\"background: url(https:\/\/globewomen.org\/globalsummit\/wp-content\/uploads\/2021\/09\/Joana-Rafael.jpg); margin-left: auto; margin-right:auto; background-size:cover !important;\"><\/div><div class=\"tmm_textblock\"><div class=\"tmm_names\"><span class=\"tmm_fname\">JOANA RAFAEL<\/span> <\/div><div class=\"tmm_desc\" style=\"text-align:\"><p style=\"text-align: center\">COO and Co-Founder, <strong>Sansei<\/strong> (Portugal)<\/p><\/div><div class=\"tmm_scblock\"><\/div><\/div><\/div><span class=\"tmm_two_containers_tablet\"><\/span><div class=\"tmm_member\" style=\"border-top:#1e73be solid 5px;\"><div class=\"tmm_photo tmm_pic_2021-speakers-lisbon_46\" style=\"background: url(https:\/\/globewomen.org\/globalsummit\/wp-content\/uploads\/2021\/09\/Vanda-Jesus.jpg); margin-left: auto; margin-right:auto; background-size:cover !important;\"><\/div><div class=\"tmm_textblock\"><div class=\"tmm_names\"><span class=\"tmm_fname\">VANDA JESUS<\/span> <\/div><div class=\"tmm_desc\" style=\"text-align:\"><p style=\"text-align: center\">Executive Director, <strong>Portugal Digital<\/strong> (Portugal)<\/p><\/div><div class=\"tmm_scblock\"><\/div><\/div><\/div><div class=\"tmm_member\" style=\"border-top:#1e73be solid 5px;\"><div class=\"tmm_photo tmm_pic_2021-speakers-lisbon_47\" style=\"background: url(https:\/\/globewomen.org\/globalsummit\/wp-content\/uploads\/2021\/06\/Rachel-White.jpg); margin-left: auto; margin-right:auto; background-size:cover !important;\"><\/div><div class=\"tmm_textblock\"><div class=\"tmm_names\"><span class=\"tmm_fname\">RACHEL WHITE<\/span> <\/div><div class=\"tmm_desc\" style=\"text-align:\"><p style=\"text-align: center\">Market Leader, UK and Ireland,<br \/><strong>Nielsen IQ<\/strong> <br \/>(UK)<\/p><\/div><div class=\"tmm_scblock\"><\/div><\/div><\/div><span class=\"tmm_two_containers_tablet\"><\/span><div class=\"tmm_member\" style=\"border-top:#1e73be solid 5px;\"><div class=\"tmm_photo tmm_pic_2021-speakers-lisbon_48\" style=\"background: url(https:\/\/globewomen.org\/globalsummit\/wp-content\/uploads\/2021\/06\/IDAR-KREUTZER.jpg); margin-left: auto; margin-right:auto; background-size:cover !important;\"><\/div><div class=\"tmm_textblock\"><div class=\"tmm_names\"><span class=\"tmm_fname\">IDAR KREUTZER<\/span> <\/div><div class=\"tmm_desc\" style=\"text-align:\"><p style=\"text-align: center\">CEO, <strong>Finance Norway<\/strong><\/p><\/div><div class=\"tmm_scblock\"><\/div><\/div><\/div><div class=\"tmm_member\" style=\"border-top:#1e73be solid 5px;\"><div class=\"tmm_photo tmm_pic_2021-speakers-lisbon_49\" style=\"background: url(https:\/\/globewomen.org\/globalsummit\/wp-content\/uploads\/2015\/01\/elisabeth-richard-2.jpg); margin-left: auto; margin-right:auto; background-size:cover !important;\"><\/div><div class=\"tmm_textblock\"><div class=\"tmm_names\"><span class=\"tmm_fname\">ELISABETH RICHARD<\/span> <\/div><div class=\"tmm_desc\" style=\"text-align:\"><p style=\"text-align: center\">Pr\u00e9sidente, R\u00e9seau des femmes WIN, <strong>Engie<\/strong><\/p><\/div><div class=\"tmm_scblock\"><\/div><\/div><\/div><div style=\"clear:both;\"><\/div><\/div><\/div><\/div>\n<\/div>\n<\/div><\/div><\/div><\/div><\/div>","protected":false},"excerpt":{"rendered":"","protected":false},"author":1,"featured_media":0,"parent":0,"menu_order":0,"comment_status":"closed","ping_status":"closed","template":"","meta":{"footnotes":""},"class_list":["post-43516","page","type-page","status-publish","hentry"],"_links":{"self":[{"href":"https:\/\/globewomen.org\/globalsummit\/wp-json\/wp\/v2\/pages\/43516","targetHints":{"allow":["GET"]}}],"collection":[{"href":"https:\/\/globewomen.org\/globalsummit\/wp-json\/wp\/v2\/pages"}],"about":[{"href":"https:\/\/globewomen.org\/globalsummit\/wp-json\/wp\/v2\/types\/page"}],"author":[{"embeddable":true,"href":"https:\/\/globewomen.org\/globalsummit\/wp-json\/wp\/v2\/users\/1"}],"replies":[{"embeddable":true,"href":"https:\/\/globewomen.org\/globalsummit\/wp-json\/wp\/v2\/comments?post=43516"}],"version-history":[{"count":2,"href":"https:\/\/globewomen.org\/globalsummit\/wp-json\/wp\/v2\/pages\/43516\/revisions"}],"predecessor-version":[{"id":43518,"href":"https:\/\/globewomen.org\/globalsummit\/wp-json\/wp\/v2\/pages\/43516\/revisions\/43518"}],"wp:attachment":[{"href":"https:\/\/globewomen.org\/globalsummit\/wp-json\/wp\/v2\/media?parent=43516"}],"curies":[{"name":"wp","href":"https:\/\/api.w.org\/{rel}","templated":true}]}}